{"id":1766,"date":"2014-09-23T19:54:02","date_gmt":"2014-09-23T19:54:02","guid":{"rendered":"http:\/\/www.klaus-heidegger.at\/?page_id=1766"},"modified":"2025-11-20T16:18:45","modified_gmt":"2025-11-20T16:18:45","slug":"1766-2","status":"publish","type":"page","link":"https:\/\/www.klaus-heidegger.at\/?page_id=1766","title":{"rendered":"About"},"content":{"rendered":"<p><strong>.<\/strong><\/p>\n<p><strong>&#8211;<\/strong><\/p>\n<p><strong>&#8211;<\/strong><\/p>\n<p><strong>Ausbildungen, Praktika und Forschungsprojekte<\/strong><\/p>\n<ul>\n<li>Privates Missionsgymnasium St. Rupert in Bischofshofen (Abschluss summa cum laude)<\/li>\n<li>Katholische Fachtheologie und Philosophie an der Universit\u00e4t Innsbruck (Abschluss mit Magisterium)<\/li>\n<li>Selbst\u00e4ndige Religionsp\u00e4dagogik an der Universit\u00e4t Innsbruck (Abschluss mit Diplom)<\/li>\n<li>Schulpraktikum am Reithmanngymnasium Innsbruck sowie der Pflichtschulen der P\u00e4dagogischen Hochschule Tirol<\/li>\n<li>Doktoratsstudium Fachtheologie an der Universit\u00e4t Innsbruck, Doktorarbeit bei Univ.-Prof. Dr. Herwig B\u00fcchele S.J. \u00fcber &#8222;Gesellschaftskonzeption der Gr\u00fcnalternativen aus der Sicht der Katholischen Soziallehre&#8220; (Abschluss mit Promotion)<\/li>\n<li>Akademie des Apostolats der Katholischen Aktion \u00d6sterreichs (Abschluss Diplom)<\/li>\n<li>Akademie der Schulentwicklung der P\u00e4dagogischen Hochschule Tirol und der Kirchlich-P\u00e4dagogischen Hochschule der Di\u00f6zese Innsbruck (Abschluss Diplom)<\/li>\n<li>Forschungsprojekt \u00fcber Civilian Based Defence am Center of International Studies der Harvard University, Cambridge<\/li>\n<li>Masterstudium Kommunikative Theologie an der Universit\u00e4t Innsbruck (Abschluss mit Master und Lizenziat f\u00fcr Katholische Theologie)<\/li>\n<\/ul>\n<p><strong>Berufliche und ehrenamtliche T\u00e4tigkeiten<\/strong><\/p>\n<ul>\n<li>Bundessekret\u00e4r der Katholischen Jugend und Katholischen Jugend Land \u00d6sterreichs (1988-1992)<\/li>\n<li>Vorsitzender des \u00d6kumenischen Jugendrates in \u00d6sterreich (1989-1992)<\/li>\n<li>Vorsitzender des Zivildienstkomitees im \u00d6sterreichischen Bundesjugendring\u00a0<\/li>\n<li>Redaktionsmitglied in Fachzeitschriften und diverse Ver\u00f6ffentlichungen<\/li>\n<li>Bildungsreferent von Pax Christi \u00d6sterreich (1992-1998)\u00a0<\/li>\n<li>Mitglied von Kommissionen und Arbeitsgruppen von Pax Christi International<\/li>\n<li>Lehrperson f\u00fcr katholische Religion und wissenschaftliches Arbeiten am Gymnasium Landstra\u00dfe Wien, Oberstufenrealgymnasium Fallmerayerstra\u00dfe Innsbruck, Oberstufenrealgymnasium St. Karl\/Volders (1998-2023)<\/li>\n<li>\u00d6kolog-Koordinator f\u00fcr den AHS-Bereich im Rahmen von Landesschulrat Tirol bzw. der Bildungsdirektion Tirol (2015-2023)<\/li>\n<li>Vertreter der Berufsgemeinschaft der AHS-Religionslehrpersonen (2016-2022)<\/li>\n<li>Mitglied im Laienrat und im Pastoralrat der Di\u00f6zese Innsbruck (2014-2024)<\/li>\n<li>Vorsitzender der Katholischen Aktion der Di\u00f6zese Innsbruck (2014-2024)<\/li>\n<li>Vortragst\u00e4tigkeiten<\/li>\n<li>Blogger<\/li>\n<\/ul>\n\n\n<figure class=\"wp-block-image size-full\"><a href=\"http:\/\/www.klaus-heidegger.at\/wp-content\/uploads\/2025\/11\/dohle-friedenstaube.jpg\"><img loading=\"lazy\" width=\"609\" height=\"805\" src=\"http:\/\/www.klaus-heidegger.at\/wp-content\/uploads\/2025\/11\/dohle-friedenstaube.jpg\" alt=\"\" class=\"wp-image-11714\" srcset=\"https:\/\/www.klaus-heidegger.at\/wp-content\/uploads\/2025\/11\/dohle-friedenstaube.jpg 609w, https:\/\/www.klaus-heidegger.at\/wp-content\/uploads\/2025\/11\/dohle-friedenstaube-227x300.jpg 227w\" sizes=\"(max-width: 609px) 100vw, 609px\" \/><\/a><\/figure>\n\n\n\n\n\n\n","protected":false},"excerpt":{"rendered":"<p><img src='http:\/\/www.klaus-heidegger.at\/wp-content\/uploads\/2025\/11\/dohle-friedenstaube.jpg' class='thumbnail' \/>. &#8211; &#8211; Ausbildungen, Praktika und Forschungsprojekte Privates Missionsgymnasium St. Rupert in Bischofshofen (Abschluss summa cum laude) Katholische Fachtheologie und Philosophie an der Universit\u00e4t Innsbruck (Abschluss mit Magisterium) Selbst\u00e4ndige Religionsp\u00e4dagogik an der Universit\u00e4t Innsbruck (Abschluss mit Diplom) Schulpraktikum am Reithmanngymnasium Innsbruck sowie der Pflichtschulen der P\u00e4dagogischen Hochschule Tirol Doktoratsstudium Fachtheologie an der Universit\u00e4t Innsbruck, Doktorarbeit&#8230;<\/p>\n","protected":false},"author":1,"featured_media":1768,"parent":0,"menu_order":0,"comment_status":"closed","ping_status":"closed","template":"","meta":[],"_links":{"self":[{"href":"https:\/\/www.klaus-heidegger.at\/index.php?rest_route=\/wp\/v2\/pages\/1766"}],"collection":[{"href":"https:\/\/www.klaus-heidegger.at\/index.php?rest_route=\/wp\/v2\/pages"}],"about":[{"href":"https:\/\/www.klaus-heidegger.at\/index.php?rest_route=\/wp\/v2\/types\/page"}],"author":[{"embeddable":true,"href":"https:\/\/www.klaus-heidegger.at\/index.php?rest_route=\/wp\/v2\/users\/1"}],"replies":[{"embeddable":true,"href":"https:\/\/www.klaus-heidegger.at\/index.php?rest_route=%2Fwp%2Fv2%2Fcomments&post=1766"}],"version-history":[{"count":75,"href":"https:\/\/www.klaus-heidegger.at\/index.php?rest_route=\/wp\/v2\/pages\/1766\/revisions"}],"predecessor-version":[{"id":11717,"href":"https:\/\/www.klaus-heidegger.at\/index.php?rest_route=\/wp\/v2\/pages\/1766\/revisions\/11717"}],"wp:featuredmedia":[{"embeddable":true,"href":"https:\/\/www.klaus-heidegger.at\/index.php?rest_route=\/wp\/v2\/media\/1768"}],"wp:attachment":[{"href":"https:\/\/www.klaus-heidegger.at\/index.php?rest_route=%2Fwp%2Fv2%2Fmedia&parent=1766"}],"curies":[{"name":"wp","href":"https:\/\/api.w.org\/{rel}","templated":true}]}}